{"id":779,"date":"2023-02-07T11:59:44","date_gmt":"2023-02-07T11:59:44","guid":{"rendered":"http:\/\/virtuva.uva.es\/site\/?page_id=779"},"modified":"2025-12-04T13:44:04","modified_gmt":"2025-12-04T13:44:04","slug":"formacion-ptgas","status":"publish","type":"page","link":"https:\/\/virtuva.uva.es\/site\/formacion-permanente\/formacion-ptgas\/","title":{"rendered":"Formaci\u00f3n del Personal T\u00e9cnico, de Gesti\u00f3n y de Administraci\u00f3n y Servicios en competencias digitales"},"content":{"rendered":"\n<div class=\"wp-block-query is-layout-flow wp-block-query-is-layout-flow\"><ul class=\"columns-2 wp-block-post-template is-layout-grid wp-container-core-post-template-is-layout-17361a50 wp-block-post-template-is-layout-grid\"><li class=\"wp-block-post post-3416 post type-post status-publish format-standard has-post-thumbnail hentry category-formacion-permanente category-formacion-ptgas\">\n\n<div class=\"wp-block-group p-4 bg-light\"><div class=\"wp-block-group__inner-container is-layout-flow wp-block-group-is-layout-flow\"><h2 style=\"font-style:normal;font-weight:300;letter-spacing:1px;\" class=\"has-text-align-center text-dark wp-block-post-title has-medium-font-size\">Plan de formaci\u00f3n del PTGAS en competencias digitales &#8211; Segundo semestre 25-26<\/h2>\n\n<div class=\"entry-content text-center wp-block-post-content is-layout-flow wp-block-post-content-is-layout-flow\">\n<p class=\"has-text-align-center\"><a href=\"http:\/\/virtuva.uva.es\/site\/wp-content\/uploads\/2026\/03\/PLAN-COMPETENCIAS-DIGITALES-UVa-PTGAS-2o-SEM-2526-FINAL-1-3.pdf\" target=\"_blank\" rel=\"noreferrer noopener\"><strong>Descargar el plan de formaci\u00f3n del segundo semestre del curso acad\u00e9mico 25-26<\/strong><\/a><\/p>\n<\/div>\n\n\n<div style=\"height:24px\" aria-hidden=\"true\" class=\"wp-block-spacer\"><\/div>\n\n\n<figure style=\"height:400px;\" class=\"wp-block-post-featured-image\"><a href=\"https:\/\/virtuva.uva.es\/site\/plan-de-formacion-del-ptgas-en-competencias-digitales-segundo-semestre-25-26\/\" target=\"_self\"  style=\"height:400px\"><img loading=\"lazy\" decoding=\"async\" width=\"623\" height=\"885\" src=\"https:\/\/virtuva.uva.es\/site\/wp-content\/uploads\/2026\/02\/Imagen-plan-de-formacion-CD-PTGAS-modificada.png\" class=\"attachment-post-thumbnail size-post-thumbnail wp-post-image\" alt=\"Plan de formaci\u00f3n del PTGAS en competencias digitales &#8211; Segundo semestre 25-26\" style=\"height:400px;object-fit:contain;\" srcset=\"https:\/\/virtuva.uva.es\/site\/wp-content\/uploads\/2026\/02\/Imagen-plan-de-formacion-CD-PTGAS-modificada.png 623w, https:\/\/virtuva.uva.es\/site\/wp-content\/uploads\/2026\/02\/Imagen-plan-de-formacion-CD-PTGAS-modificada-211x300.png 211w\" sizes=\"auto, (max-width: 623px) 100vw, 623px\" \/><\/a><\/figure>\n\n\n<div style=\"height:31px\" aria-hidden=\"true\" class=\"wp-block-spacer\"><\/div>\n<\/div><\/div>\n\n<\/li><li class=\"wp-block-post post-3069 post type-post status-publish format-standard has-post-thumbnail hentry category-formacion-permanente category-formacion-ptgas\">\n\n<div class=\"wp-block-group p-4 bg-light\"><div class=\"wp-block-group__inner-container is-layout-flow wp-block-group-is-layout-flow\"><h2 style=\"font-style:normal;font-weight:300;letter-spacing:1px;\" class=\"has-text-align-center text-dark wp-block-post-title has-medium-font-size\">Plan de formaci\u00f3n del PTGAS en competencias digitales &#8211; Primer semestre 25-26<\/h2>\n\n<div class=\"entry-content text-center wp-block-post-content is-layout-flow wp-block-post-content-is-layout-flow\">\n<p class=\"has-text-align-center\"><a href=\"http:\/\/virtuva.uva.es\/site\/wp-content\/uploads\/2025\/09\/Plan-Formacion-en-Competencias-Digitales_PTGAS_2526.pdf\" target=\"_blank\" rel=\"noreferrer noopener\"><strong>Descargar el plan de formaci\u00f3n del primer semestre del curso acad\u00e9mico 25-26<\/strong><\/a><\/p>\n<\/div>\n\n\n<div style=\"height:24px\" aria-hidden=\"true\" class=\"wp-block-spacer\"><\/div>\n\n\n<figure style=\"height:400px;\" class=\"wp-block-post-featured-image\"><a href=\"https:\/\/virtuva.uva.es\/site\/plan-de-formacion-del-personal-de-administracion-y-servicios-en-competencias-digitales-primer-semestre-25-26\/\" target=\"_self\"  style=\"height:400px\"><img loading=\"lazy\" decoding=\"async\" width=\"593\" height=\"852\" src=\"https:\/\/virtuva.uva.es\/site\/wp-content\/uploads\/2025\/09\/Plan-de-formacion-PTGAS-en-competencias-digitales-\u2013-Primer-semestre-25-26.jpg\" class=\"attachment-post-thumbnail size-post-thumbnail wp-post-image\" alt=\"Plan de formaci\u00f3n del PTGAS en competencias digitales &#8211; Primer semestre 25-26\" style=\"height:400px;object-fit:contain;\" srcset=\"https:\/\/virtuva.uva.es\/site\/wp-content\/uploads\/2025\/09\/Plan-de-formacion-PTGAS-en-competencias-digitales-\u2013-Primer-semestre-25-26.jpg 593w, https:\/\/virtuva.uva.es\/site\/wp-content\/uploads\/2025\/09\/Plan-de-formacion-PTGAS-en-competencias-digitales-\u2013-Primer-semestre-25-26-209x300.jpg 209w\" sizes=\"auto, (max-width: 593px) 100vw, 593px\" \/><\/a><\/figure>\n\n\n<div style=\"height:31px\" aria-hidden=\"true\" class=\"wp-block-spacer\"><\/div>\n<\/div><\/div>\n\n<\/li><\/ul><\/div>\n\n\n\n<h2 class=\"wp-block-heading\">Formaci\u00f3n especializada para PTGAS<\/h2>\n\n\n\n<div class=\"wp-block-columns is-layout-flex wp-container-core-columns-is-layout-9d6595d7 wp-block-columns-is-layout-flex\">\n<div class=\"wp-block-column is-vertically-aligned-center is-layout-flow wp-block-column-is-layout-flow\" style=\"flex-basis:50%\">\n<div class=\"wp-block-media-text is-stacked-on-mobile\" style=\"grid-template-columns:48% auto\"><figure class=\"wp-block-media-text__media\"><a href=\"https:\/\/www.pluralsight.com\/\" target=\"_blank\" rel=\" noreferrer noopener\"><img loading=\"lazy\" decoding=\"async\" width=\"457\" height=\"295\" src=\"http:\/\/virtuva.uva.es\/site\/wp-content\/uploads\/2025\/12\/Logo-PluralSight-III.png\" alt=\"\" class=\"wp-image-3327 size-full\" srcset=\"https:\/\/virtuva.uva.es\/site\/wp-content\/uploads\/2025\/12\/Logo-PluralSight-III.png 457w, https:\/\/virtuva.uva.es\/site\/wp-content\/uploads\/2025\/12\/Logo-PluralSight-III-300x194.png 300w\" sizes=\"auto, (max-width: 457px) 100vw, 457px\" \/><\/a><\/figure><div class=\"wp-block-media-text__content\">\n<p class=\"has-small-font-size\">Plataforma para el aprendizaje aut\u00f3nomo en ciberseguridad, inteligencia artificial, etc.<br><br><\/p>\n<\/div><\/div>\n<\/div>\n\n\n\n<div class=\"wp-block-column is-layout-flow wp-block-column-is-layout-flow\" style=\"flex-basis:50%\">\n<div class=\"wp-block-media-text is-stacked-on-mobile is-vertically-aligned-center\" style=\"grid-template-columns:47% auto\"><figure class=\"wp-block-media-text__media\"><a href=\"https:\/\/academy.oracle.com\/es\/membership-join-oracle-academy.html\" target=\"_blank\" rel=\" noreferrer noopener\"><img loading=\"lazy\" decoding=\"async\" width=\"367\" height=\"288\" src=\"http:\/\/virtuva.uva.es\/site\/wp-content\/uploads\/2025\/12\/Oracle_Academy-e1764854638466.png\" alt=\"\" class=\"wp-image-3328 size-full\" srcset=\"https:\/\/virtuva.uva.es\/site\/wp-content\/uploads\/2025\/12\/Oracle_Academy-e1764854638466.png 367w, https:\/\/virtuva.uva.es\/site\/wp-content\/uploads\/2025\/12\/Oracle_Academy-e1764854638466-300x235.png 300w\" sizes=\"auto, (max-width: 367px) 100vw, 367px\" \/><\/a><\/figure><div class=\"wp-block-media-text__content\">\n<p class=\"has-text-align-left has-small-font-size\">Plataforma de recursos de aprendizaje de Oracle Academy para el desarrollo de habilidades en bases de datos, Java, nube y an\u00e1lisis transversal.<\/p>\n<\/div><\/div>\n<\/div>\n<\/div>\n\n\n\n<h2 class=\"wp-block-heading\">Hist\u00f3rico de planes de formaci\u00f3n del PTGAS<\/h2>\n\n\n\n<div class=\"wp-block-query is-layout-flow wp-block-query-is-layout-flow\"><ul class=\"columns-4 wp-block-post-template is-layout-grid wp-container-core-post-template-is-layout-b954fd2f wp-block-post-template-is-layout-grid\"><li class=\"wp-block-post post-2494 post type-post status-publish format-standard has-post-thumbnail hentry category-formacion-permanente category-formacion-ptgas\">\n<figure class=\"wp-block-post-featured-image\"><a href=\"https:\/\/virtuva.uva.es\/site\/plan-de-formacion-del-ptgas-segundo-semestre-24-25\/\" target=\"_self\"  ><img loading=\"lazy\" decoding=\"async\" width=\"1058\" height=\"1505\" src=\"https:\/\/virtuva.uva.es\/site\/wp-content\/uploads\/2024\/12\/24_25-Plan-DigComp-PTGAS_.jpg\" class=\"attachment-post-thumbnail size-post-thumbnail wp-post-image\" alt=\"Plan de formaci\u00f3n del PTGAS \u2013 Segundo semestre 24-25\" style=\"object-fit:cover;\" srcset=\"https:\/\/virtuva.uva.es\/site\/wp-content\/uploads\/2024\/12\/24_25-Plan-DigComp-PTGAS_.jpg 1058w, https:\/\/virtuva.uva.es\/site\/wp-content\/uploads\/2024\/12\/24_25-Plan-DigComp-PTGAS_-211x300.jpg 211w, https:\/\/virtuva.uva.es\/site\/wp-content\/uploads\/2024\/12\/24_25-Plan-DigComp-PTGAS_-720x1024.jpg 720w, https:\/\/virtuva.uva.es\/site\/wp-content\/uploads\/2024\/12\/24_25-Plan-DigComp-PTGAS_-768x1092.jpg 768w\" sizes=\"auto, (max-width: 1058px) 100vw, 1058px\" \/><\/a><\/figure>\n\n<h2 class=\"wp-block-post-title has-medium-font-size\">Plan de formaci\u00f3n del PTGAS \u2013 Segundo semestre 24-25<\/h2>\n<\/li><li class=\"wp-block-post post-2429 post type-post status-publish format-standard has-post-thumbnail hentry category-formacion-permanente category-formacion-ptgas\">\n<figure class=\"wp-block-post-featured-image\"><a href=\"https:\/\/virtuva.uva.es\/site\/plan-de-formacion-del-ptgas-primer-semestre-24-25\/\" target=\"_self\"  ><img loading=\"lazy\" decoding=\"async\" width=\"1810\" height=\"2560\" src=\"https:\/\/virtuva.uva.es\/site\/wp-content\/uploads\/2024\/09\/PORTADA-CompDig-PTGAS-scaled.jpg\" class=\"attachment-post-thumbnail size-post-thumbnail wp-post-image\" alt=\"Plan de formaci\u00f3n del PTGAS \u2013 Primer semestre 24-25\" style=\"object-fit:cover;\" srcset=\"https:\/\/virtuva.uva.es\/site\/wp-content\/uploads\/2024\/09\/PORTADA-CompDig-PTGAS-scaled.jpg 1810w, https:\/\/virtuva.uva.es\/site\/wp-content\/uploads\/2024\/09\/PORTADA-CompDig-PTGAS-212x300.jpg 212w, https:\/\/virtuva.uva.es\/site\/wp-content\/uploads\/2024\/09\/PORTADA-CompDig-PTGAS-724x1024.jpg 724w, https:\/\/virtuva.uva.es\/site\/wp-content\/uploads\/2024\/09\/PORTADA-CompDig-PTGAS-768x1086.jpg 768w, https:\/\/virtuva.uva.es\/site\/wp-content\/uploads\/2024\/09\/PORTADA-CompDig-PTGAS-1086x1536.jpg 1086w, https:\/\/virtuva.uva.es\/site\/wp-content\/uploads\/2024\/09\/PORTADA-CompDig-PTGAS-1448x2048.jpg 1448w\" sizes=\"auto, (max-width: 1810px) 100vw, 1810px\" \/><\/a><\/figure>\n\n<h2 class=\"wp-block-post-title has-medium-font-size\">Plan de formaci\u00f3n del PTGAS \u2013 Primer semestre 24-25<\/h2>\n<\/li><li class=\"wp-block-post post-1906 post type-post status-publish format-standard has-post-thumbnail hentry category-formacion-permanente category-formacion-ptgas\">\n<figure class=\"wp-block-post-featured-image\"><a href=\"https:\/\/virtuva.uva.es\/site\/plan-de-formacion-del-ptgas-segundo-semestre-23-24\/\" target=\"_self\"  ><img loading=\"lazy\" decoding=\"async\" width=\"1414\" height=\"2000\" src=\"https:\/\/virtuva.uva.es\/site\/wp-content\/uploads\/2024\/01\/PORTADAS-FCD-PTGAS.png\" class=\"attachment-post-thumbnail size-post-thumbnail wp-post-image\" alt=\"Plan de formaci\u00f3n del PTGAS \u2013 Segundo semestre 23-24\" style=\"object-fit:cover;\" srcset=\"https:\/\/virtuva.uva.es\/site\/wp-content\/uploads\/2024\/01\/PORTADAS-FCD-PTGAS.png 1414w, https:\/\/virtuva.uva.es\/site\/wp-content\/uploads\/2024\/01\/PORTADAS-FCD-PTGAS-212x300.png 212w, https:\/\/virtuva.uva.es\/site\/wp-content\/uploads\/2024\/01\/PORTADAS-FCD-PTGAS-724x1024.png 724w, https:\/\/virtuva.uva.es\/site\/wp-content\/uploads\/2024\/01\/PORTADAS-FCD-PTGAS-768x1086.png 768w, https:\/\/virtuva.uva.es\/site\/wp-content\/uploads\/2024\/01\/PORTADAS-FCD-PTGAS-1086x1536.png 1086w\" sizes=\"auto, (max-width: 1414px) 100vw, 1414px\" \/><\/a><\/figure>\n\n<h2 class=\"wp-block-post-title has-medium-font-size\">Plan de formaci\u00f3n del PTGAS \u2013 Segundo semestre 23-24<\/h2>\n<\/li><li class=\"wp-block-post post-1728 post type-post status-publish format-standard has-post-thumbnail hentry category-formacion-permanente category-formacion-ptgas\">\n<figure class=\"wp-block-post-featured-image\"><a href=\"https:\/\/virtuva.uva.es\/site\/plan-de-formacion-del-ptgas-primer-semestre-23-24\/\" target=\"_self\"  ><img loading=\"lazy\" decoding=\"async\" width=\"607\" height=\"856\" src=\"https:\/\/virtuva.uva.es\/site\/wp-content\/uploads\/2023\/10\/planFormacionPTGAS_1S_2324.jpg\" class=\"attachment-post-thumbnail size-post-thumbnail wp-post-image\" alt=\"Plan de formaci\u00f3n del PTGAS \u2013 Primer semestre 23-24\" style=\"object-fit:cover;\" srcset=\"https:\/\/virtuva.uva.es\/site\/wp-content\/uploads\/2023\/10\/planFormacionPTGAS_1S_2324.jpg 607w, https:\/\/virtuva.uva.es\/site\/wp-content\/uploads\/2023\/10\/planFormacionPTGAS_1S_2324-213x300.jpg 213w\" sizes=\"auto, (max-width: 607px) 100vw, 607px\" \/><\/a><\/figure>\n\n<h2 class=\"wp-block-post-title has-medium-font-size\">Plan de formaci\u00f3n del PTGAS \u2013 Primer semestre 23-24<\/h2>\n<\/li><li class=\"wp-block-post post-1210 post type-post status-publish format-standard has-post-thumbnail hentry category-formacion-permanente category-formacion-ptgas\">\n<figure class=\"wp-block-post-featured-image\"><a href=\"https:\/\/virtuva.uva.es\/site\/plan-de-formacion-del-personal-de-administracion-y-servicios-en-competencias-digitales-segundo-semestre-22-23\/\" target=\"_self\"  ><img loading=\"lazy\" decoding=\"async\" width=\"494\" height=\"699\" src=\"https:\/\/virtuva.uva.es\/site\/wp-content\/uploads\/2023\/03\/planFormacionPAS_2S_2223.jpg\" class=\"attachment-post-thumbnail size-post-thumbnail wp-post-image\" alt=\"Plan de formaci\u00f3n del Personal de Administraci\u00f3n y Servicios en competencias digitales &#8211; Segundo semestre 22-23\" style=\"object-fit:cover;\" srcset=\"https:\/\/virtuva.uva.es\/site\/wp-content\/uploads\/2023\/03\/planFormacionPAS_2S_2223.jpg 494w, https:\/\/virtuva.uva.es\/site\/wp-content\/uploads\/2023\/03\/planFormacionPAS_2S_2223-212x300.jpg 212w\" sizes=\"auto, (max-width: 494px) 100vw, 494px\" \/><\/a><\/figure>\n\n<h2 class=\"wp-block-post-title has-medium-font-size\">Plan de formaci\u00f3n del Personal de Administraci\u00f3n y Servicios en competencias digitales &#8211; Segundo semestre 22-23<\/h2>\n<\/li><li class=\"wp-block-post post-781 post type-post status-publish format-standard has-post-thumbnail hentry category-formacion-permanente category-formacion-ptgas\">\n<figure class=\"wp-block-post-featured-image\"><a href=\"https:\/\/virtuva.uva.es\/site\/plan-de-formacion-del-personal-de-administracion-y-servicios-en-competencias-digitales-primer-semestre-22-23\/\" target=\"_self\"  ><img loading=\"lazy\" decoding=\"async\" width=\"331\" height=\"470\" src=\"https:\/\/virtuva.uva.es\/site\/wp-content\/uploads\/2023\/02\/formacionpas_1S_2223.png\" class=\"attachment-post-thumbnail size-post-thumbnail wp-post-image\" alt=\"Plan de formaci\u00f3n del Personal de Administraci\u00f3n y Servicios en competencias digitales &#8211; Primer semestre 22-23\" style=\"object-fit:cover;\" srcset=\"https:\/\/virtuva.uva.es\/site\/wp-content\/uploads\/2023\/02\/formacionpas_1S_2223.png 331w, https:\/\/virtuva.uva.es\/site\/wp-content\/uploads\/2023\/02\/formacionpas_1S_2223-211x300.png 211w\" sizes=\"auto, (max-width: 331px) 100vw, 331px\" \/><\/a><\/figure>\n\n<h2 class=\"wp-block-post-title has-medium-font-size\">Plan de formaci\u00f3n del Personal de Administraci\u00f3n y Servicios en competencias digitales &#8211; Primer semestre 22-23<\/h2>\n<\/li><\/ul>\n\n<\/div>\n\n\n\n<div class=\"wp-block-columns is-layout-flex wp-container-core-columns-is-layout-9d6595d7 wp-block-columns-is-layout-flex\">\n<div class=\"wp-block-column is-layout-flow wp-block-column-is-layout-flow\" style=\"flex-basis:80%\">\n<p><\/p>\n<\/div>\n\n\n\n<div class=\"wp-block-column is-layout-flow wp-block-column-is-layout-flow\" style=\"flex-basis:33.33%\"><\/div>\n<\/div>\n\n\n\n<p><\/p>\n\n\n<p><!-- \/wp:post-content --><!-- \/wp:post-template --><!-- \/wp:query --><!-- \/wp:post-content --><\/p>","protected":false},"excerpt":{"rendered":"<p>Formaci\u00f3n especializada para PTGAS Plataforma para el aprendizaje aut\u00f3nomo en ciberseguridad, inteligencia artificial, etc. Plataforma de recursos de aprendizaje de Oracle Academy para el desarrollo de habilidades en bases de datos, Java, nube y an\u00e1lisis transversal. Hist\u00f3rico de planes de formaci\u00f3n del PTGAS<\/p>\n","protected":false},"author":1,"featured_media":0,"parent":55,"menu_order":0,"comment_status":"closed","ping_status":"closed","template":"fullwidth.php","meta":{"videodestacado":"","videodestacado_sr":"","footnotes":""},"categories":[],"tags":[],"class_list":["post-779","page","type-page","status-publish","hentry"],"_links":{"self":[{"href":"https:\/\/virtuva.uva.es\/site\/wp-json\/wp\/v2\/pages\/779","targetHints":{"allow":["GET"]}}],"collection":[{"href":"https:\/\/virtuva.uva.es\/site\/wp-json\/wp\/v2\/pages"}],"about":[{"href":"https:\/\/virtuva.uva.es\/site\/wp-json\/wp\/v2\/types\/page"}],"author":[{"embeddable":true,"href":"https:\/\/virtuva.uva.es\/site\/wp-json\/wp\/v2\/users\/1"}],"replies":[{"embeddable":true,"href":"https:\/\/virtuva.uva.es\/site\/wp-json\/wp\/v2\/comments?post=779"}],"version-history":[{"count":53,"href":"https:\/\/virtuva.uva.es\/site\/wp-json\/wp\/v2\/pages\/779\/revisions"}],"predecessor-version":[{"id":3335,"href":"https:\/\/virtuva.uva.es\/site\/wp-json\/wp\/v2\/pages\/779\/revisions\/3335"}],"up":[{"embeddable":true,"href":"https:\/\/virtuva.uva.es\/site\/wp-json\/wp\/v2\/pages\/55"}],"wp:attachment":[{"href":"https:\/\/virtuva.uva.es\/site\/wp-json\/wp\/v2\/media?parent=779"}],"wp:term":[{"taxonomy":"category","embeddable":true,"href":"https:\/\/virtuva.uva.es\/site\/wp-json\/wp\/v2\/categories?post=779"},{"taxonomy":"post_tag","embeddable":true,"href":"https:\/\/virtuva.uva.es\/site\/wp-json\/wp\/v2\/tags?post=779"}],"curies":[{"name":"wp","href":"https:\/\/api.w.org\/{rel}","templated":true}]}}